{"id":1270,"date":"2026-02-08T09:09:34","date_gmt":"2026-02-08T08:09:34","guid":{"rendered":"https:\/\/www.spd-trier-land.de\/?page_id=1270"},"modified":"2026-02-17T22:01:58","modified_gmt":"2026-02-17T21:01:58","slug":"unsere-themen","status":"publish","type":"page","link":"https:\/\/www.spd-trier-land.de\/?page_id=1270","title":{"rendered":"Unsere Themen"},"content":{"rendered":"<h1>Mobilit\u00e4t in Welschbillig &amp; Ortsteilen<\/h1>\n<h3>\u00a0<\/h3>\n<h3 class=\"jw-heading-70\" style=\"text-align: left;\"><strong>Wir wollen \u201eMitfahrerb\u00e4nke\u201c<\/strong><\/h3>\n<p>So idyllisch das Leben auf dem Land ist, so einsam kann es werden, wenn man es ohne Auto bestreiten muss.<\/p>\n<p>Die wohl bekannteste Initiative dazu ist die Mitfahrerbank.<\/p>\n<p>Die Idee ist einfach: Praktisch im Minutentakt f\u00e4hrt jemand aus dem Ortskern zum Rewe, aus den Ortsteilen nach Welschbillig oder von einem Ende des Dorfs zum anderen.<\/p>\n<p>Daher wollen wir an den wichtigsten Stellen spezielle B\u00e4nke aufstellen, neben denen ein Schild steht, auf dem man anzeigen kann, wohin man gerne mitgenommen w\u00e4re.<\/p>\n<p>So kann jeder, der an der Bank vorbeif\u00e4hrt, spontan entscheiden, ob er heute einen Mitfahrer mitnehmen m\u00f6chte oder lieber nicht.<\/p>\n<p>Hierf\u00fcr wollen wir uns als SPD engagieren.<\/p>\n<h3>\u00a0<\/h3>\n<h3 class=\"jw-heading-70\" style=\"text-align: left;\"><strong>B\u00fcrger fahren f\u00fcr B\u00fcrger: Wir engagieren uns f\u00fcr einen B\u00fcrgerbus<\/strong><\/h3>\n<p>Das Leben auf dem Land hat viele Vorteile \u2013 aber Wege zum Einkaufen, zum Arzt oder zur Verwaltung m\u00fcssen bew\u00e4ltigt werden.<\/p>\n<p>Hier setzt der B\u00fcrgerbus an \u2013 indem er die Nahmobilit\u00e4t auf der \u00f6rtlichen Ebene f\u00fcr Menschen erweitert, die vom regul\u00e4ren \u00f6ffentlichen Verkehr nicht erreicht werden.<\/p>\n<p>Die B\u00fcrger organisieren und betreiben den Bus ehrenamtlich.<\/p>\n<p>Ein B\u00fcrgerbus ist weit mehr als ein reines Bef\u00f6rderungsmittel: Er bietet Raum f\u00fcr Kontakt- und Kommunikationspflege und er verbindet Menschen.<\/p>\n<p>Das Land bietet dazu inzwischen aktive Beratung an, die wir f\u00fcr Welschbillig nutzen wollen.<\/p>\n<p>Gern wollen wir uns von der SPD daf\u00fcr einsetzen.<\/p>\n<h3>\u00a0<\/h3>\n<h3 class=\"jw-heading-70\" style=\"text-align: left;\"><strong>Verkehrsberuhigung in der Gemeinde<\/strong><\/h3>\n<p style=\"text-align: left;\">Es gibt den Grundsatzbeschluss, der sagt, dass alle Nebenstra\u00dfen in Welschbillig Tempo 30-Zonen sind.<\/p>\n<p style=\"text-align: left;\">Gern wollen wir daf\u00fcr sorgen, dass die Beschilderung wieder dementsprechend ist.<\/p>\n<p style=\"text-align: left;\">Ferner wollen wir auch mit der VG erreichen, dass bestimmte verkehrsberuhigende Ma\u00dfnahmen eingef\u00fchrt werden k\u00f6nnen, beispielsweise in der Br\u00fcckenstra\u00dfe, der Trierer Stra\u00dfe oder der Helenenberger Stra\u00dfe und nat\u00fcrlich auch in den Ortsteilen, wo Bedarf besteht.<\/p>\n<p style=\"text-align: left;\">Kommt gern auf uns zu; als SPD arbeiten wir gern daf\u00fcr!<\/p>\n<h3>\u00a0<\/h3>\n<h3 class=\"jw-heading-70\" style=\"text-align: left;\"><strong>Kreative Mobilit\u00e4t \u2013 Es muss nicht immer das Auto sein<\/strong><\/h3>\n<p style=\"text-align: left;\">Wie k\u00f6nnen wir unsere Teilorte und Ortsteile auch ohne Auto erreichen? Gerade bei sch\u00f6nem Wetter sieht man regelm\u00e4\u00dfig Fu\u00dfg\u00e4nger und Radfahrer auf den Stra\u00dfen nach M\u00f6hn oder Hofweiler.<\/p>\n<p style=\"text-align: left;\">Wir m\u00f6chten die bestehenden Verbindungswege zwischen unseren Orten digital erfassen und im Netz zug\u00e4nglich machen.<\/p>\n<p style=\"text-align: left;\">So k\u00f6nnen wir die Verkehrssicherheit f\u00fcr Fu\u00dfg\u00e4nger und Radfahrer verbessern und gleichzeitig unsere Gemeinde neu entdecken.<\/p>\n<p style=\"text-align: left;\">Als SPD m\u00f6chten wir neue Akzente in der Mobilit\u00e4t innerhalb unserer Gemeinde setzen.<\/p>\n<p>&nbsp;<\/p>\n<p>&nbsp;<\/p>\n<p>&nbsp;<\/p>\n<h1>Lebendiges und junges Welschbillig<\/h1>\n<p>&nbsp;<\/p>\n<h3 class=\"jw-heading-70\" style=\"text-align: left;\"><strong>Lokales B\u00fcrgernetzwerk f\u00fcr Friemen und Urwelschbilliger<\/strong><\/h3>\n<p style=\"text-align: left;\">Wir wollen zeigen, dass es als Gemeinde m\u00f6glich ist zu wachsen, ohne sich aus den Augen zu verlieren.<\/p>\n<p style=\"text-align: left;\">Als SPD unterst\u00fctzen wir die Gr\u00fcndung eines lokalen Netzwerks, welches unsere Ortsteile, Jung und Alt, Friemen und Urwelschbilliger, zusammenbringt.<\/p>\n<p style=\"text-align: left;\">Die Idee dahinter?<\/p>\n<p style=\"text-align: left;\">M\u00f6glichkeiten zum Austausch und Kennenlernen schaffen. Urwelschbilliger stellen sich als B\u00fcrgerpaten zur Verf\u00fcgung; Friemen k\u00f6nnen diese kontaktieren, um Informationen \u00fcber das Leben in Welschbillig zu erhalten.<\/p>\n<p style=\"text-align: left;\">So k\u00f6nnen sich diese schneller in unsere Gemeinde einleben, Kontakte kn\u00fcpfen und unsere Kultur und Vereinswelt kennenlernen.<\/p>\n<h3>\u00a0<\/h3>\n<h3 class=\"jw-heading-70\" style=\"text-align: left;\"><strong>Offene KMS<\/strong><\/h3>\n<p style=\"text-align: left;\">Unser Dorf ist lebendig und unser Dorfkern einzigartig.<\/p>\n<p style=\"text-align: left;\">Wir m\u00f6chten die KMS als offene Begegnungsst\u00e4tte f\u00fcr alle st\u00e4rken: Zum Beispiel mit der Schaffung eines zug\u00e4nglicheren und transparenteren Belegungsplans, um eine bessere Planbarkeit f\u00fcr die Nutzung der R\u00e4umlichkeiten zu erm\u00f6glichen.<\/p>\n<p style=\"text-align: left;\">Wir sehen es als eine Aufgabe der Gemeinde, die Belegung der KMS f\u00fcr Akteure und Vereine zu vereinfachen und setzen uns hierf\u00fcr ein.<\/p>\n<p style=\"text-align: left;\">Auch m\u00f6chten wir die Informationen im Schaukasten erneuern lassen und durch einen \u00dcberblick \u00fcber die Gemeinde, Vereine und Outdooraktivit\u00e4ten erg\u00e4nzen.<\/p>\n<p style=\"text-align: left;\">Ihr habt weitere Ideen? Wir diskutieren diese gerne mit Euch!<\/p>\n<h3>\u00a0<\/h3>\n<h3 class=\"jw-heading-70\" style=\"text-align: left;\"><strong>Tag der Vereine<\/strong><\/h3>\n<p style=\"text-align: left;\">In Welschbillig gibt es eine beeindruckende Vielfalt an Vereinen, die sich sowohl im kulturellen als auch im sportlichen Bereich engagieren.<\/p>\n<p style=\"text-align: left;\">Die SPD m\u00f6chte diese Vielfalt sichtbarer machen und die Vereine bei der Gewinnung neuer Mitglieder unterst\u00fctzen.<\/p>\n<p style=\"text-align: left;\">In einigen Nachbargemeinden gibt es Initiativen, wie beispielsweise einen Tag der Vereine, bei dem B\u00fcrger \u00f6rtliche Vereine kennenlernen k\u00f6nnen.<\/p>\n<p style=\"text-align: left;\">Wir setzen uns daf\u00fcr ein, dass die Gemeinde etwas \u00c4hnliches f\u00fcr Welschbillig umsetzt.<\/p>\n<h3>\u00a0<\/h3>\n<h3 class=\"jw-heading-70\" style=\"text-align: left;\"><strong>Umsetzung des Pumptrails<\/strong><\/h3>\n<p style=\"text-align: left;\">F\u00fcr Fahrradbegeisterte haben wir uns schon l\u00e4nger f\u00fcr einen Pumptrail stark gemacht.<\/p>\n<p style=\"text-align: left;\">Das wollen wir weiter tun und nun schnellstm\u00f6glich in die Umsetzung kommen.<\/p>\n<h3>\u00a0<\/h3>\n<h3 class=\"jw-heading-70\" style=\"text-align: left;\"><strong>Attraktive Spielpl\u00e4tze<\/strong><\/h3>\n<p style=\"text-align: left;\">Spielpl\u00e4tze in Welschbillig gibt es, allerdings haben diese zuletzt wenig Aufmerksamkeit bekommen.<\/p>\n<p style=\"text-align: left;\">Das ist schade, wo doch durch Elterninitiative der Spielplatz in der Lemlingstra\u00dfe erst 2018 wieder toll hergerichtet wurde und ein neuer Zaun um den Spielplatz in der Gartenstra\u00dfe gezogen wurde.<\/p>\n<p style=\"text-align: left;\">Das soll sich wieder \u00e4ndern.<\/p>\n<p style=\"text-align: left;\">Wir m\u00f6chten die Aufmerksamkeit f\u00fcr diese Areale wiederherstellen, damit unsere attraktiven Spielst\u00e4tten erhalten bleiben.<\/p>\n<p style=\"text-align: left;\">Gern unterst\u00fctzen wir auch das Bem\u00fchen um den Jugendraum in Welschbillig und bringen uns ein, um vielleicht weitere Optionen anzubieten.<\/p>\n<p style=\"text-align: left;\">Hier seid Ihr jungen Leute gefragt: Sprecht uns an und sagt uns, was Ihr Euch w\u00fcnscht.<\/p>\n\n\n<p><\/p>\n","protected":false},"excerpt":{"rendered":"<p>Mobilit\u00e4t in Welschbillig &amp; Ortsteilen \u00a0 Wir wollen \u201eMitfahrerb\u00e4nke\u201c So idyllisch das Leben auf dem Land ist, so einsam kann es werden, wenn man es ohne Auto bestreiten muss. Die wohl bekannteste Initiative dazu ist die Mitfahrerbank. Die Idee ist einfach: Praktisch im Minutentakt f\u00e4hrt jemand aus dem Ortskern zum Rewe, aus den Ortsteilen nach [&hellip;]<\/p>\n","protected":false},"author":7,"featured_media":0,"parent":0,"menu_order":0,"comment_status":"closed","ping_status":"closed","template":"","meta":{"_mc_calendar":[],"footnotes":""},"class_list":["post-1270","page","type-page","status-publish","hentry"],"_links":{"self":[{"href":"https:\/\/www.spd-trier-land.de\/index.php?rest_route=\/wp\/v2\/pages\/1270","targetHints":{"allow":["GET"]}}],"collection":[{"href":"https:\/\/www.spd-trier-land.de\/index.php?rest_route=\/wp\/v2\/pages"}],"about":[{"href":"https:\/\/www.spd-trier-land.de\/index.php?rest_route=\/wp\/v2\/types\/page"}],"author":[{"embeddable":true,"href":"https:\/\/www.spd-trier-land.de\/index.php?rest_route=\/wp\/v2\/users\/7"}],"replies":[{"embeddable":true,"href":"https:\/\/www.spd-trier-land.de\/index.php?rest_route=%2Fwp%2Fv2%2Fcomments&post=1270"}],"version-history":[{"count":7,"href":"https:\/\/www.spd-trier-land.de\/index.php?rest_route=\/wp\/v2\/pages\/1270\/revisions"}],"predecessor-version":[{"id":1448,"href":"https:\/\/www.spd-trier-land.de\/index.php?rest_route=\/wp\/v2\/pages\/1270\/revisions\/1448"}],"wp:attachment":[{"href":"https:\/\/www.spd-trier-land.de\/index.php?rest_route=%2Fwp%2Fv2%2Fmedia&parent=1270"}],"curies":[{"name":"wp","href":"https:\/\/api.w.org\/{rel}","templated":true}]}}