{"id":1271,"date":"2026-02-08T09:09:34","date_gmt":"2026-02-08T08:09:34","guid":{"rendered":"https:\/\/www.spd-trier-land.de\/?page_id=1271"},"modified":"2026-03-03T22:10:15","modified_gmt":"2026-03-03T21:10:15","slug":"vorstand","status":"publish","type":"page","link":"https:\/\/www.spd-trier-land.de\/?page_id=1271","title":{"rendered":"Vorstand"},"content":{"rendered":"\n<div class=\"wp-block-media-text is-stacked-on-mobile\" style=\"grid-template-columns:26% auto\"><figure class=\"wp-block-media-text__media\"><img loading=\"lazy\" decoding=\"async\" width=\"683\" height=\"1024\" src=\"http:\/\/www.spd-trier-land.de\/wp-content\/uploads\/2024\/06\/frei_Dieter-Dahm-683x1024.jpg\" alt=\"\" class=\"wp-image-1191 size-full\" srcset=\"https:\/\/www.spd-trier-land.de\/wp-content\/uploads\/2024\/06\/frei_Dieter-Dahm-683x1024.jpg 683w, https:\/\/www.spd-trier-land.de\/wp-content\/uploads\/2024\/06\/frei_Dieter-Dahm-200x300.jpg 200w, https:\/\/www.spd-trier-land.de\/wp-content\/uploads\/2024\/06\/frei_Dieter-Dahm-768x1151.jpg 768w, https:\/\/www.spd-trier-land.de\/wp-content\/uploads\/2024\/06\/frei_Dieter-Dahm-1025x1536.jpg 1025w, https:\/\/www.spd-trier-land.de\/wp-content\/uploads\/2024\/06\/frei_Dieter-Dahm-1367x2048.jpg 1367w, https:\/\/www.spd-trier-land.de\/wp-content\/uploads\/2024\/06\/frei_Dieter-Dahm-scaled.jpg 1709w\" sizes=\"auto, (max-width: 683px) 100vw, 683px\" \/><\/figure><div class=\"wp-block-media-text__content\">\n<h1>Dieter Dahm<\/h1>\n<p><strong>Vorsitzender<\/strong><\/p>\n<p>&nbsp;<\/p>\n<p style=\"text-align: left;\"><strong>Privates: <\/strong><\/p>\n<p>Ich bin 54 Jahre alt und seit 1996 liiert. Wohne seit 1971 auf der Windm\u00fchle, dem Tor nach Welschbillig. Beruflich bin ich Maschinenbaumeister, bilde seit 30 Jahren Auszubildende aus und leite die Wartungsabteilung bei der Wasserstra\u00dfen- und Schifffahrtsverwaltung am Bauhof Trier. Hier arbeite ich seit 1987.<\/p>\n<p>Ich bin aktiv im Ritterorden Welschpilliche und im Karnevalsverein Welschbillig. Der Dartsport ist mein gro\u00dfes Hobby und hier bin ich seit 2000 in der F\u00fchrung der Liga und spiele noch aktiv mit.<\/p>\n<p>&nbsp;<\/p>\n<p><strong>Meine politischen Interessen: <\/strong><\/p>\n<p>Ich bin an der Wirtschaftspolitik und dem Haushalt interessiert. F\u00fcr mich ist das Thema Integration und wie wir miteinander Umgehen wollen ein zentraler Punkt.<\/p>\n<p>&nbsp;<\/p>\n<p><strong>Ich engagiere mich politisch in Welschbillig, weil&#8230;<\/strong><\/p>\n<p>ich hier lebe und in den Vereinen aktiv bin. Ich m\u00f6chte die Politik hier im Ort aktiv mitgestalten, damit wir weiterhin ein lebendiges Miteinander hier haben.<\/p>\n<p>&nbsp;<\/p>\n<p><strong>Ich bin in der SPD, weil\u2026.<\/strong><\/p>\n<p>wir die sind, die f\u00fcr sozial, fair und gerecht, und Gleichbehandlung aller Menschen stehen. Ob das Arbeit und L\u00f6hne sind oder der Umgang miteinander als Gesellschaft. Weil wir klare Grenzen haben gegen\u00fcber rechter Hetze und Politik.<\/p>\n<p>Das will ich mitgestalten.<\/p>\n<\/div><\/div>\n\n\n\n<p class=\"has-text-align-center\">&#8212;&#8212;&#8212;&#8212;&#8212;&#8212;&#8212;&#8212;&#8212;&#8212;&#8212;&#8212;&#8212;&#8212;&#8212;&#8212;&#8212;&#8212;&#8212;&#8212;&#8212;&#8212;&#8212;&#8212;&#8212;&#8212;&#8212;&#8212;&#8212;&#8212;&#8212;&#8212;&#8212;&#8212;&#8212;&#8212;&#8212;&#8212;&#8211;<\/p>\n\n\n\n<div class=\"wp-block-media-text has-media-on-the-right is-stacked-on-mobile\" style=\"grid-template-columns:auto 23%\"><div class=\"wp-block-media-text__content\">\n<p><\/p>\n\n\n\n<h1>Edith Olk<\/h1>\n<p><strong>stellv. Vorsitzende<\/strong><\/p>\n<\/div><figure class=\"wp-block-media-text__media\"><img loading=\"lazy\" decoding=\"async\" width=\"683\" height=\"1024\" src=\"http:\/\/www.spd-trier-land.de\/wp-content\/uploads\/2024\/06\/frei_Edith-Olk-683x1024.jpg\" alt=\"\" class=\"wp-image-1188 size-full\" srcset=\"https:\/\/www.spd-trier-land.de\/wp-content\/uploads\/2024\/06\/frei_Edith-Olk-683x1024.jpg 683w, https:\/\/www.spd-trier-land.de\/wp-content\/uploads\/2024\/06\/frei_Edith-Olk-200x300.jpg 200w, https:\/\/www.spd-trier-land.de\/wp-content\/uploads\/2024\/06\/frei_Edith-Olk-768x1151.jpg 768w, https:\/\/www.spd-trier-land.de\/wp-content\/uploads\/2024\/06\/frei_Edith-Olk-1025x1536.jpg 1025w, https:\/\/www.spd-trier-land.de\/wp-content\/uploads\/2024\/06\/frei_Edith-Olk-1366x2048.jpg 1366w, https:\/\/www.spd-trier-land.de\/wp-content\/uploads\/2024\/06\/frei_Edith-Olk-scaled.jpg 1708w\" sizes=\"auto, (max-width: 683px) 100vw, 683px\" \/><\/figure><\/div>\n\n\n\n<p class=\"has-text-align-center\">&#8212;&#8212;&#8212;&#8212;&#8212;&#8212;&#8212;&#8212;&#8212;&#8212;&#8212;&#8212;&#8212;&#8212;&#8212;&#8212;&#8212;&#8212;&#8212;&#8212;&#8212;&#8212;&#8212;&#8212;&#8212;&#8212;&#8212;&#8212;&#8212;&#8212;&#8212;&#8212;&#8212;&#8212;&#8212;&#8212;&#8212;&#8212;&#8211;<\/p>\n\n\n\n<div class=\"wp-block-media-text is-stacked-on-mobile\" style=\"grid-template-columns:31% auto\"><figure class=\"wp-block-media-text__media\"><img loading=\"lazy\" decoding=\"async\" width=\"1024\" height=\"576\" src=\"http:\/\/www.spd-trier-land.de\/wp-content\/uploads\/2024\/05\/Simone-Moser-Vorstellung-1024x576.png\" alt=\"\" class=\"wp-image-1092 size-full\" srcset=\"https:\/\/www.spd-trier-land.de\/wp-content\/uploads\/2024\/05\/Simone-Moser-Vorstellung-1024x576.png 1024w, https:\/\/www.spd-trier-land.de\/wp-content\/uploads\/2024\/05\/Simone-Moser-Vorstellung-300x169.png 300w, https:\/\/www.spd-trier-land.de\/wp-content\/uploads\/2024\/05\/Simone-Moser-Vorstellung-768x432.png 768w, https:\/\/www.spd-trier-land.de\/wp-content\/uploads\/2024\/05\/Simone-Moser-Vorstellung.png 1280w\" sizes=\"auto, (max-width: 1024px) 100vw, 1024px\" \/><\/figure><div class=\"wp-block-media-text__content\">\n<p><\/p>\n\n\n\n<h1>Simone Moser<\/h1>\n<p><strong>Schriftf\u00fchrerin<\/strong><\/p>\n<\/div><\/div>\n\n\n\n<p class=\"has-text-align-center\">&#8212;&#8212;&#8212;&#8212;&#8212;&#8212;&#8212;&#8212;&#8212;&#8212;&#8212;&#8212;&#8212;&#8212;&#8212;&#8212;&#8212;&#8212;&#8212;&#8212;&#8212;&#8212;&#8212;&#8212;&#8212;&#8212;&#8212;&#8212;&#8212;&#8212;&#8212;&#8212;&#8212;&#8212;&#8212;&#8212;&#8212;&#8212;&#8211;<\/p>\n\n\n\n<div class=\"wp-block-media-text has-media-on-the-right is-stacked-on-mobile\" style=\"grid-template-columns:auto 24%\"><div class=\"wp-block-media-text__content\">\n<h1>Olaf Alexander Priess<\/h1>\n<p><strong>Schatzmeister<\/strong><\/p>\n<p>&nbsp;<\/p>\n<p><strong>Privates: <\/strong><\/p>\n<p>Ich bin 54 Jahre alt, habe 3 Kinder. Ich bin geb\u00fcrtiger D\u00fcsseldorfer, bin in Krefeld gro\u00df geworden, aber mit deutlicher Ruhrpottpr\u00e4gung, seit 2007 lebe ich in Welschbillig. Beruflich bin ich als Gesch\u00e4ftsf\u00fchrer einer Fondsgesellschaft in Luxembourg t\u00e4tig.<\/p>\n<p>&nbsp;<\/p>\n<p><strong>Meine politischen Interessen:<\/strong><\/p>\n<p>Als Volkswirt bin ich naturgem\u00e4\u00df an Wirtschafts- und Finanzpolitik interessiert. Aber auch an Energiepolitik und insbesondere an Verkehrspolitik, hier vor allem an Eisenbahnthemen<\/p>\n<p>&nbsp;<\/p>\n<p><strong>Ich engagiere mich politisch in Welschbillig, weil&#8230;<\/strong><\/p>\n<p>\u2026ich mich gern in meiner Heimat einbringe und engagiere, weil ich unser Dorf lebenswert erhalten will, weil es viele spannende Themen gibt und weil es einfach Spa\u00df macht.<\/p>\n<p>&nbsp;<\/p>\n<p><strong>Ich bin in der SPD, weil\u2026 <\/strong><\/p>\n<p>\u2026die SPD seit 160 Jahren f\u00fcr Demokratie einsteht. Die SPD fokussiert das Gemeinwohl, sie k\u00e4mpft daf\u00fcr, dass die Schere zwischen Arm und Reich nicht zu weit auseinandergeht und sie steht f\u00fcr Transparenz, Beteiligung und Dialog.<\/p>\n<\/div><figure class=\"wp-block-media-text__media\"><img loading=\"lazy\" decoding=\"async\" width=\"739\" height=\"1024\" src=\"https:\/\/www.spd-trier-land.de\/wp-content\/uploads\/2026\/02\/Alex_Priess-739x1024.jpeg\" alt=\"\" class=\"wp-image-1644 size-full\" srcset=\"https:\/\/www.spd-trier-land.de\/wp-content\/uploads\/2026\/02\/Alex_Priess-739x1024.jpeg 739w, https:\/\/www.spd-trier-land.de\/wp-content\/uploads\/2026\/02\/Alex_Priess-217x300.jpeg 217w, https:\/\/www.spd-trier-land.de\/wp-content\/uploads\/2026\/02\/Alex_Priess.jpeg 753w\" sizes=\"auto, (max-width: 739px) 100vw, 739px\" \/><\/figure><\/div>\n\n\n\n<p class=\"has-text-align-center\">&#8212;&#8212;&#8212;&#8212;&#8212;&#8212;&#8212;&#8212;&#8212;&#8212;&#8212;&#8212;&#8212;&#8212;&#8212;&#8212;&#8212;&#8212;&#8212;&#8212;&#8212;&#8212;&#8212;&#8212;&#8212;&#8212;&#8212;&#8212;&#8212;&#8212;&#8212;&#8212;&#8212;&#8212;&#8212;&#8212;&#8212;&#8212;&#8211;<\/p>\n\n\n\n<div class=\"wp-block-media-text is-stacked-on-mobile\" style=\"grid-template-columns:40% auto\"><figure class=\"wp-block-media-text__media\"><img loading=\"lazy\" decoding=\"async\" width=\"740\" height=\"474\" src=\"http:\/\/www.spd-trier-land.de\/wp-content\/uploads\/2026\/02\/Felizitas-Bild-SPD.jpg\" alt=\"\" class=\"wp-image-1443 size-full\" srcset=\"https:\/\/www.spd-trier-land.de\/wp-content\/uploads\/2026\/02\/Felizitas-Bild-SPD.jpg 740w, https:\/\/www.spd-trier-land.de\/wp-content\/uploads\/2026\/02\/Felizitas-Bild-SPD-300x192.jpg 300w\" sizes=\"auto, (max-width: 740px) 100vw, 740px\" \/><\/figure><div class=\"wp-block-media-text__content\">\n<h1>Felizitas G\u00f6rge<\/h1>\n<p><strong>Kassenpr\u00fcferin<\/strong><\/p>\n<p>&nbsp;<\/p>\n<p>&nbsp;<\/p>\n<\/div><\/div>\n\n\n\n<p class=\"has-text-align-center\">&#8212;&#8212;&#8212;&#8212;&#8212;&#8212;&#8212;&#8212;&#8212;&#8212;&#8212;&#8212;&#8212;&#8212;&#8212;&#8212;&#8212;&#8212;&#8212;&#8212;&#8212;&#8212;&#8212;&#8212;&#8212;&#8212;&#8212;&#8212;&#8212;&#8212;&#8212;&#8212;&#8212;&#8212;&#8212;&#8212;&#8212;&#8212;&#8211;<\/p>\n\n\n\n<div class=\"wp-block-media-text has-media-on-the-right is-stacked-on-mobile\" style=\"grid-template-columns:auto 33%\"><div class=\"wp-block-media-text__content\">\n<h1>Hubert Moser<\/h1>\n<p><strong>Kassenpr\u00fcfer<\/strong><\/p>\n<\/div><figure class=\"wp-block-media-text__media\"><img loading=\"lazy\" decoding=\"async\" width=\"900\" height=\"495\" src=\"http:\/\/www.spd-trier-land.de\/wp-content\/uploads\/2026\/02\/Logo-rot180dpi.png\" alt=\"\" class=\"wp-image-1462 size-full\" srcset=\"https:\/\/www.spd-trier-land.de\/wp-content\/uploads\/2026\/02\/Logo-rot180dpi.png 900w, https:\/\/www.spd-trier-land.de\/wp-content\/uploads\/2026\/02\/Logo-rot180dpi-300x165.png 300w, https:\/\/www.spd-trier-land.de\/wp-content\/uploads\/2026\/02\/Logo-rot180dpi-768x422.png 768w\" sizes=\"auto, (max-width: 900px) 100vw, 900px\" \/><\/figure><\/div>\n\n\n\n<p class=\"has-text-align-center\">&#8212;&#8212;&#8212;&#8212;&#8212;&#8212;&#8212;&#8212;&#8212;&#8212;&#8212;&#8212;&#8212;&#8212;&#8212;&#8212;&#8212;&#8212;&#8212;&#8212;&#8212;&#8212;&#8212;&#8212;&#8212;&#8212;&#8212;&#8212;&#8212;&#8212;&#8212;&#8212;&#8212;&#8212;&#8212;&#8212;&#8212;&#8212;&#8211;<\/p>\n\n\n\n<div class=\"wp-block-media-text is-stacked-on-mobile\" style=\"grid-template-columns:33% auto\"><figure class=\"wp-block-media-text__media\"><img loading=\"lazy\" decoding=\"async\" width=\"900\" height=\"495\" src=\"http:\/\/www.spd-trier-land.de\/wp-content\/uploads\/2026\/02\/Logo-rot180dpi.png\" alt=\"\" class=\"wp-image-1462 size-full\" srcset=\"https:\/\/www.spd-trier-land.de\/wp-content\/uploads\/2026\/02\/Logo-rot180dpi.png 900w, https:\/\/www.spd-trier-land.de\/wp-content\/uploads\/2026\/02\/Logo-rot180dpi-300x165.png 300w, https:\/\/www.spd-trier-land.de\/wp-content\/uploads\/2026\/02\/Logo-rot180dpi-768x422.png 768w\" sizes=\"auto, (max-width: 900px) 100vw, 900px\" \/><\/figure><div class=\"wp-block-media-text__content\">\n<h1>Lukas Weimer<\/h1>\n<p><strong>Online + Social Media<\/strong><\/p>\n<\/div><\/div>\n\n\n\n<p class=\"has-text-align-center\">&#8212;&#8212;&#8212;&#8212;&#8212;&#8212;&#8212;&#8212;&#8212;&#8212;&#8212;&#8212;&#8212;&#8212;&#8212;&#8212;&#8212;&#8212;&#8212;&#8212;&#8212;&#8212;&#8212;&#8212;&#8212;&#8212;&#8212;&#8212;&#8212;&#8212;&#8212;&#8212;&#8212;&#8212;&#8212;&#8212;&#8212;&#8212;&#8211;<\/p>\n\n\n\n<div class=\"wp-block-media-text has-media-on-the-right is-stacked-on-mobile\" style=\"grid-template-columns:auto 33%\"><div class=\"wp-block-media-text__content\">\n<h1>Raimund Wirschem<\/h1>\n<p><strong>Beisitzer<\/strong><\/p>\n<\/div><figure class=\"wp-block-media-text__media\"><img loading=\"lazy\" decoding=\"async\" width=\"900\" height=\"495\" src=\"http:\/\/www.spd-trier-land.de\/wp-content\/uploads\/2026\/02\/Logo-rot180dpi.png\" alt=\"\" class=\"wp-image-1462 size-full\" srcset=\"https:\/\/www.spd-trier-land.de\/wp-content\/uploads\/2026\/02\/Logo-rot180dpi.png 900w, https:\/\/www.spd-trier-land.de\/wp-content\/uploads\/2026\/02\/Logo-rot180dpi-300x165.png 300w, https:\/\/www.spd-trier-land.de\/wp-content\/uploads\/2026\/02\/Logo-rot180dpi-768x422.png 768w\" sizes=\"auto, (max-width: 900px) 100vw, 900px\" \/><\/figure><\/div>\n","protected":false},"excerpt":{"rendered":"<p>Dieter Dahm Vorsitzender &nbsp; Privates: Ich bin 54 Jahre alt und seit 1996 liiert. Wohne seit 1971 auf der Windm\u00fchle, dem Tor nach Welschbillig. Beruflich bin ich Maschinenbaumeister, bilde seit 30 Jahren Auszubildende aus und leite die Wartungsabteilung bei der Wasserstra\u00dfen- und Schifffahrtsverwaltung am Bauhof Trier. Hier arbeite ich seit 1987. Ich bin aktiv im [&hellip;]<\/p>\n","protected":false},"author":7,"featured_media":0,"parent":0,"menu_order":0,"comment_status":"closed","ping_status":"closed","template":"","meta":{"_mc_calendar":[],"footnotes":""},"class_list":["post-1271","page","type-page","status-publish","hentry"],"_links":{"self":[{"href":"https:\/\/www.spd-trier-land.de\/index.php?rest_route=\/wp\/v2\/pages\/1271","targetHints":{"allow":["GET"]}}],"collection":[{"href":"https:\/\/www.spd-trier-land.de\/index.php?rest_route=\/wp\/v2\/pages"}],"about":[{"href":"https:\/\/www.spd-trier-land.de\/index.php?rest_route=\/wp\/v2\/types\/page"}],"author":[{"embeddable":true,"href":"https:\/\/www.spd-trier-land.de\/index.php?rest_route=\/wp\/v2\/users\/7"}],"replies":[{"embeddable":true,"href":"https:\/\/www.spd-trier-land.de\/index.php?rest_route=%2Fwp%2Fv2%2Fcomments&post=1271"}],"version-history":[{"count":25,"href":"https:\/\/www.spd-trier-land.de\/index.php?rest_route=\/wp\/v2\/pages\/1271\/revisions"}],"predecessor-version":[{"id":1772,"href":"https:\/\/www.spd-trier-land.de\/index.php?rest_route=\/wp\/v2\/pages\/1271\/revisions\/1772"}],"wp:attachment":[{"href":"https:\/\/www.spd-trier-land.de\/index.php?rest_route=%2Fwp%2Fv2%2Fmedia&parent=1271"}],"curies":[{"name":"wp","href":"https:\/\/api.w.org\/{rel}","templated":true}]}}