{"id":33,"date":"2014-01-26T21:55:49","date_gmt":"2014-01-26T19:55:49","guid":{"rendered":"http:\/\/localhost\/spdtl\/wordpress\/?page_id=33"},"modified":"2024-06-02T21:38:59","modified_gmt":"2024-06-02T19:38:59","slug":"langsur","status":"publish","type":"page","link":"https:\/\/www.spd-trier-land.de\/?page_id=33","title":{"rendered":"OV Langsur"},"content":{"rendered":"\n<div>\n<h1>SPD Ortsverein Langsur<\/h1>\n<\/div>\n\n\n\n<p>Der Ortsverein Langsur umfa\u00dft die Gemeinde Langsur mit den Ortsteilen Langsur, Mesenich, Grewenich und Metzdorf.<\/p>\n\n\n\n<div id=\"content\">\n<div id=\"c38\">\n<div>\n<h1>Der Vorstand<\/h1>\n<\/div>\n<table summary=\"Vorstand\"><caption>Gesch\u00e4ftsf\u00fchrender Vorstand<\/caption>\n<tbody>\n<tr>\n<th id=\"sp1\" width=\"167\">&nbsp;<\/th>\n<th id=\"sp2\" width=\"167\">&nbsp;<\/th>\n<th id=\"sp3\" width=\"167\">&nbsp;<\/th>\n<\/tr>\n<tr>\n<td headers=\"sp1\"><br>\n<p>&nbsp;<\/p>\n<\/td>\n<td headers=\"sp2\">G\u00fcnther Thull\n<p>Vorsitzender<\/p>\n<\/td>\n<td headers=\"sp3\">Alfred Gries\n<p>Kassierer<\/p>\n<\/td>\n<\/tr>\n<\/tbody>\n<\/table>\n<table summary=\"Vorstand\"><caption><\/caption>\n<tbody>\n<tr>\n<th id=\"sp1\" width=\"167\">&nbsp;<\/th>\n<th id=\"sp2\" width=\"167\">&nbsp;<\/th>\n<th id=\"sp3\" width=\"167\">&nbsp;<\/th>\n<\/tr>\n<tr>\n<td headers=\"sp1\">&nbsp;<\/td>\n<td headers=\"sp2\">&nbsp;<\/td>\n<td headers=\"sp3\">&nbsp;<\/td>\n<\/tr>\n<\/tbody>\n<\/table>\n<\/div>\n<p><!--\n\n\n\n<hr>\n\n--><\/p>\n<\/div>\n","protected":false},"excerpt":{"rendered":"<p>SPD Ortsverein Langsur Der Ortsverein Langsur umfa\u00dft die Gemeinde Langsur mit den Ortsteilen Langsur, Mesenich, Grewenich und Metzdorf. Der Vorstand Gesch\u00e4ftsf\u00fchrender Vorstand &nbsp; &nbsp; &nbsp; &nbsp; G\u00fcnther Thull Vorsitzender Alfred Gries Kassierer &nbsp; &nbsp; &nbsp; &nbsp; &nbsp; &nbsp;<\/p>\n","protected":false},"author":1,"featured_media":0,"parent":0,"menu_order":3,"comment_status":"closed","ping_status":"closed","template":"","meta":{"_mc_calendar":[],"footnotes":""},"class_list":["post-33","page","type-page","status-publish","hentry"],"_links":{"self":[{"href":"https:\/\/www.spd-trier-land.de\/index.php?rest_route=\/wp\/v2\/pages\/33","targetHints":{"allow":["GET"]}}],"collection":[{"href":"https:\/\/www.spd-trier-land.de\/index.php?rest_route=\/wp\/v2\/pages"}],"about":[{"href":"https:\/\/www.spd-trier-land.de\/index.php?rest_route=\/wp\/v2\/types\/page"}],"author":[{"embeddable":true,"href":"https:\/\/www.spd-trier-land.de\/index.php?rest_route=\/wp\/v2\/users\/1"}],"replies":[{"embeddable":true,"href":"https:\/\/www.spd-trier-land.de\/index.php?rest_route=%2Fwp%2Fv2%2Fcomments&post=33"}],"version-history":[{"count":6,"href":"https:\/\/www.spd-trier-land.de\/index.php?rest_route=\/wp\/v2\/pages\/33\/revisions"}],"predecessor-version":[{"id":1142,"href":"https:\/\/www.spd-trier-land.de\/index.php?rest_route=\/wp\/v2\/pages\/33\/revisions\/1142"}],"wp:attachment":[{"href":"https:\/\/www.spd-trier-land.de\/index.php?rest_route=%2Fwp%2Fv2%2Fmedia&parent=33"}],"curies":[{"name":"wp","href":"https:\/\/api.w.org\/{rel}","templated":true}]}}